{"id":11179,"date":"2022-11-17T22:02:39","date_gmt":"2022-11-17T22:02:39","guid":{"rendered":"https:\/\/redcolombiaverde.org\/web1\/?page_id=11179"},"modified":"2022-11-17T22:08:51","modified_gmt":"2022-11-17T22:08:51","slug":"fundacion-sabanas","status":"publish","type":"page","link":"https:\/\/redcolombiaverde.org\/web1\/fundacion-sabanas\/","title":{"rendered":"Fundaci\u00f3n Sabanas"},"content":{"rendered":"\t\t<div data-elementor-type=\"wp-post\" data-elementor-id=\"11179\" class=\"elementor elementor-11179\">\n\t\t\t\t\t\t\t\t\t<section class=\"elementor-section elementor-top-section elementor-element elementor-element-fab6a38 elementor-section-boxed elementor-section-height-default elementor-section-height-default\" data-id=\"fab6a38\" data-element_type=\"section\">\n\t\t\t\t\t\t<div class=\"elementor-container elementor-column-gap-default\">\n\t\t\t\t\t<div class=\"elementor-column elementor-col-100 elementor-top-column elementor-element elementor-element-51416e1 top column-style-top\" data-id=\"51416e1\" data-element_type=\"column\">\n\t\t\t<div class=\"elementor-widget-wrap elementor-element-populated\">\n\t\t\t\t\t\t\t\t<div class=\"elementor-element elementor-element-4b52c06 elementor-widget elementor-widget-spacer\" data-id=\"4b52c06\" data-element_type=\"widget\" data-widget_type=\"spacer.default\">\n\t\t\t\t<div class=\"elementor-widget-container\">\n\t\t\t<style>\/*! elementor - v3.8.0 - 30-10-2022 *\/\n.elementor-column .elementor-spacer-inner{height:var(--spacer-size)}.e-con{--container-widget-width:100%}.e-con-inner>.elementor-widget-spacer,.e-con>.elementor-widget-spacer{width:var(--container-widget-width,var(--spacer-size));-ms-flex-item-align:stretch;align-self:stretch;-ms-flex-negative:0;flex-shrink:0}.e-con-inner>.elementor-widget-spacer>.elementor-widget-container,.e-con-inner>.elementor-widget-spacer>.elementor-widget-container>.elementor-spacer,.e-con>.elementor-widget-spacer>.elementor-widget-container,.e-con>.elementor-widget-spacer>.elementor-widget-container>.elementor-spacer{height:100%}.e-con-inner>.elementor-widget-spacer>.elementor-widget-container>.elementor-spacer>.elementor-spacer-inner,.e-con>.elementor-widget-spacer>.elementor-widget-container>.elementor-spacer>.elementor-spacer-inner{height:var(--container-widget-height,var(--spacer-size))}<\/style>\t\t<div class=\"elementor-spacer\">\n\t\t\t<div class=\"elementor-spacer-inner\"><\/div>\n\t\t<\/div>\n\t\t\t\t<\/div>\n\t\t\t\t<\/div>\n\t\t\t\t\t<\/div>\n\t\t<\/div>\n\t\t\t\t\t\t\t<\/div>\n\t\t<\/section>\n\t\t\t\t<section class=\"elementor-section elementor-top-section elementor-element elementor-element-b52e3f7 elementor-section-boxed elementor-section-height-default elementor-section-height-default\" data-id=\"b52e3f7\" data-element_type=\"section\">\n\t\t\t\t\t\t<div class=\"elementor-container elementor-column-gap-default\">\n\t\t\t\t\t<div class=\"elementor-column elementor-col-100 elementor-top-column elementor-element elementor-element-e0a35f7 top column-style-top\" data-id=\"e0a35f7\" data-element_type=\"column\">\n\t\t\t<div class=\"elementor-widget-wrap elementor-element-populated\">\n\t\t\t\t\t\t\t\t<div class=\"elementor-element elementor-element-d866896 elementor-widget elementor-widget-text-editor\" data-id=\"d866896\" data-element_type=\"widget\" data-widget_type=\"text-editor.default\">\n\t\t\t\t<div class=\"elementor-widget-container\">\n\t\t\t<style>\/*! elementor - v3.8.0 - 30-10-2022 *\/\n.elementor-widget-text-editor.elementor-drop-cap-view-stacked .elementor-drop-cap{background-color:#818a91;color:#fff}.elementor-widget-text-editor.elementor-drop-cap-view-framed .elementor-drop-cap{color:#818a91;border:3px solid;background-color:transparent}.elementor-widget-text-editor:not(.elementor-drop-cap-view-default) .elementor-drop-cap{margin-top:8px}.elementor-widget-text-editor:not(.elementor-drop-cap-view-default) .elementor-drop-cap-letter{width:1em;height:1em}.elementor-widget-text-editor .elementor-drop-cap{float:left;text-align:center;line-height:1;font-size:50px}.elementor-widget-text-editor .elementor-drop-cap-letter{display:inline-block}<\/style>\t\t\t\t<p><strong>FUNDACI\u00d3N SABANAS<\/strong>\u00a0es una entidad colombiana creada por escritura p\u00fablica No. 959 del 9 de Mayo de 1997, otorgada por la Notaria Segunda de Sincelejo \u2013 Sucre, inscrita en la C\u00e1mara de Comercio de Sincelejo el 30 de Mayo de 1997 bajo el No. 500.295.<\/p><p>Ha obtenido su experiencia en Colombia a trav\u00e9s de la contrataci\u00f3n con entidades del sector p\u00fablico y entidades de car\u00e1cter internacional, siendo una organizaci\u00f3n seria y responsable.<\/p><p>Cuenta con personal altamente calificado para la ejecuci\u00f3n de proyectos de desarrollo en las diferentes \u00e1reas de los sectores urbano y rural.<\/p>\t\t\t\t\t\t<\/div>\n\t\t\t\t<\/div>\n\t\t\t\t<div class=\"elementor-element elementor-element-cf56d23 elementor-widget elementor-widget-text-editor\" data-id=\"cf56d23\" data-element_type=\"widget\" data-widget_type=\"text-editor.default\">\n\t\t\t\t<div class=\"elementor-widget-container\">\n\t\t\t\t\t\t\t<p><strong>Nuestra misi\u00f3n<\/strong><\/p><p>es propiciar el desarrollo integral y sostenible a nivel regional y nacional mediante la formulaci\u00f3n gesti\u00f3n y ejecuci\u00f3n de proyectos de desarrollo social y ambiental. para la ejecuci\u00f3n de proyectos de desarrollo en las diferentes \u00e1reas de los sectores urbano y rural.<\/p>\t\t\t\t\t\t<\/div>\n\t\t\t\t<\/div>\n\t\t\t\t<div class=\"elementor-element elementor-element-ef4f8b3 elementor-widget elementor-widget-text-editor\" data-id=\"ef4f8b3\" data-element_type=\"widget\" data-widget_type=\"text-editor.default\">\n\t\t\t\t<div class=\"elementor-widget-container\">\n\t\t\t\t\t\t\t<p><strong>Nuestra visi\u00f3n<\/strong><\/p><p><strong>FUNDACI\u00d3N SABANAS<\/strong>\u00a0para el a\u00f1o 2020 ser\u00e1 reconocida como una organizaci\u00f3n l\u00edder en nuestra regi\u00f3n en generar procesos aut\u00f3nomos de gesti\u00f3n para el mejoramiento de las condiciones de vida de las comunidades menos favorecidas y la protecci\u00f3n y preservaci\u00f3n de los recursos naturales a nivel<br \/>regional y nacional.<\/p>\t\t\t\t\t\t<\/div>\n\t\t\t\t<\/div>\n\t\t\t\t<div class=\"elementor-element elementor-element-2126047 elementor-widget elementor-widget-text-editor\" data-id=\"2126047\" data-element_type=\"widget\" data-widget_type=\"text-editor.default\">\n\t\t\t\t<div class=\"elementor-widget-container\">\n\t\t\t\t\t\t\t<p>El objeto social de la\u00a0<strong>FUNDACI\u00d3N SABANAS<\/strong>\u00a0es el desarrollo socio-econ\u00f3mico y cultural de las regiones de Colombia a trav\u00e9s de la formulaci\u00f3n, evaluaci\u00f3n, elaboraci\u00f3n y ejecuci\u00f3n de proyectos de construcci\u00f3n, consultar\u00eda, agropecuarios, agroforestales, agroecol\u00f3gicos, ambientales, educativos y<br \/>culturales.<\/p><p>regional y nacional.<\/p>\t\t\t\t\t\t<\/div>\n\t\t\t\t<\/div>\n\t\t\t\t<div class=\"elementor-element elementor-element-d755478 elementor-widget elementor-widget-text-editor\" data-id=\"d755478\" data-element_type=\"widget\" data-widget_type=\"text-editor.default\">\n\t\t\t\t<div class=\"elementor-widget-container\">\n\t\t\t\t\t\t\t<p><strong>OFICINAS Y CAMPAMENTOS<\/strong><br \/><strong>FUNDACI\u00d3N SABANAS<\/strong>, Dispone para el buen desarrollo de los trabajos de campo y administrativo las siguientes dependencias:<br \/>Oficina central en Sincelejo- Sucre.<br \/>Es la oficina principal de la organizaci\u00f3n en la cual se desarrollan las actividades administrativas y t\u00e9cnicas en cuanto al procesamiento y an\u00e1lisis de la informaci\u00f3n obtenida en el campo.<br \/>Se encuentra ubicada en la Carrera 17 No. 21-11 Oficina 301, Telefax 095-2824964, E-mail<br \/>funsabanas2@hotmail.com.<br \/>Sucursal Santa Fe de Bogot\u00e1 D.C.<br \/>La entidad cuenta con una sucursal en santa fe de Bogot\u00e1 en la Calle 52A No. 22-45 Tel\u00e9fono: 091<br \/>2487470, Fax.<br \/>Campamento oficina.<br \/>Cuando el \u00e1rea donde se llevaran a cabo los trabajos o consultar\u00eda se encuentran en la parte rural o muy distante de nuestras oficinas se toma en arriendo una casa o local en una de las poblaciones m\u00e1s cercanas donde se llevaran a cabo las labores propias de oficina por el tiempo que demoren los<br \/>trabajos.<\/p><p><strong>EQUIPOS<\/strong><br \/>La entidad cuenta con los equipos necesarios, en cantidad suficiente y con todos los accesorios para realizar las labores de campo y oficina, estos se encuentran a disposici\u00f3n de nuestros profesionales en el momento que se requieran.<br \/><strong>Entre los equipos tenemos:<\/strong><br \/>EQUIPOS DE C\u00d3MPUTO Y AUDIOVISUALES.<br \/>EQUIPOS Y MATERIALES DE OFICINA.<br \/>EQUIPOS DE TOPOGRAFIA.<br \/>GPS.<br \/>HERRAMIENTAS VARIAS.<br \/>VEHICULOS.<br \/><strong>SERVICIOS ESPECIALES<\/strong><br \/>Para el adecuado desarrollo de algunos proyectos donde la entidad no cuenta con los bienes y servicios propios, se recurre a entidades, empresas o personas naturales de reconocida experiencia que est\u00e9n en capacidad de desarrollarlos.<br \/>Entre los m\u00e1s importantes est\u00e1n:<br \/>INFORMACION.<br \/>ALQUILER DE EQUIPOS Y MAQUINARIA.<br \/>SERVICIO DE LABORATORIOS.<br \/>ASESORIAS ESPECIALIZADAS.<\/p>\t\t\t\t\t\t<\/div>\n\t\t\t\t<\/div>\n\t\t\t\t\t<\/div>\n\t\t<\/div>\n\t\t\t\t\t\t\t<\/div>\n\t\t<\/section>\n\t\t\t\t<section class=\"elementor-section elementor-top-section elementor-element elementor-element-db12ca7 elementor-section-boxed elementor-section-height-default elementor-section-height-default\" data-id=\"db12ca7\" data-element_type=\"section\">\n\t\t\t\t\t\t<div class=\"elementor-container elementor-column-gap-default\">\n\t\t\t\t\t<div class=\"elementor-column elementor-col-100 elementor-top-column elementor-element elementor-element-f49adff top column-style-top\" data-id=\"f49adff\" data-element_type=\"column\">\n\t\t\t<div class=\"elementor-widget-wrap elementor-element-populated\">\n\t\t\t\t\t\t\t\t<div class=\"elementor-element elementor-element-889e327 elementor-widget elementor-widget-image-gallery\" data-id=\"889e327\" data-element_type=\"widget\" data-widget_type=\"image-gallery.default\">\n\t\t\t\t<div class=\"elementor-widget-container\">\n\t\t\t<style>\/*! elementor - v3.8.0 - 30-10-2022 *\/\n.elementor-image-gallery .gallery-item{display:inline-block;text-align:center;vertical-align:top;width:100%;max-width:100%;margin:0 auto}.elementor-image-gallery .gallery-item img{margin:0 auto}.elementor-image-gallery .gallery-item .gallery-caption{margin:0}.elementor-image-gallery figure img{display:block}.elementor-image-gallery figure figcaption{width:100%}.gallery-spacing-custom .elementor-image-gallery .gallery-icon{padding:0}@media (min-width:768px){.elementor-image-gallery .gallery-columns-2 .gallery-item{max-width:50%}.elementor-image-gallery .gallery-columns-3 .gallery-item{max-width:33.33%}.elementor-image-gallery .gallery-columns-4 .gallery-item{max-width:25%}.elementor-image-gallery .gallery-columns-5 .gallery-item{max-width:20%}.elementor-image-gallery .gallery-columns-6 .gallery-item{max-width:16.666%}.elementor-image-gallery .gallery-columns-7 .gallery-item{max-width:14.28%}.elementor-image-gallery .gallery-columns-8 .gallery-item{max-width:12.5%}.elementor-image-gallery .gallery-columns-9 .gallery-item{max-width:11.11%}.elementor-image-gallery .gallery-columns-10 .gallery-item{max-width:10%}}@media (min-width:480px) and (max-width:767px){.elementor-image-gallery .gallery.gallery-columns-2 .gallery-item,.elementor-image-gallery .gallery.gallery-columns-3 .gallery-item,.elementor-image-gallery .gallery.gallery-columns-4 .gallery-item,.elementor-image-gallery .gallery.gallery-columns-5 .gallery-item,.elementor-image-gallery .gallery.gallery-columns-6 .gallery-item,.elementor-image-gallery .gallery.gallery-columns-7 .gallery-item,.elementor-image-gallery .gallery.gallery-columns-8 .gallery-item,.elementor-image-gallery .gallery.gallery-columns-9 .gallery-item,.elementor-image-gallery .gallery.gallery-columns-10 .gallery-item{max-width:50%}}@media (max-width:479px){.elementor-image-gallery .gallery.gallery-columns-2 .gallery-item,.elementor-image-gallery .gallery.gallery-columns-3 .gallery-item,.elementor-image-gallery .gallery.gallery-columns-4 .gallery-item,.elementor-image-gallery .gallery.gallery-columns-5 .gallery-item,.elementor-image-gallery .gallery.gallery-columns-6 .gallery-item,.elementor-image-gallery .gallery.gallery-columns-7 .gallery-item,.elementor-image-gallery .gallery.gallery-columns-8 .gallery-item,.elementor-image-gallery .gallery.gallery-columns-9 .gallery-item,.elementor-image-gallery .gallery.gallery-columns-10 .gallery-item{max-width:100%}}<\/style>\t\t<div class=\"elementor-image-gallery\">\n\t\t\t\n\t\t<style type=\"text\/css\">\n\t\t\t#gallery-1 {\n\t\t\t\tmargin: auto;\n\t\t\t}\n\t\t\t#gallery-1 .gallery-item {\n\t\t\t\tfloat: left;\n\t\t\t\tmargin-top: 10px;\n\t\t\t\ttext-align: center;\n\t\t\t\twidth: 33%;\n\t\t\t}\n\t\t\t#gallery-1 img {\n\t\t\t\tborder: 2px solid #cfcfcf;\n\t\t\t}\n\t\t\t#gallery-1 .gallery-caption {\n\t\t\t\tmargin-left: 0;\n\t\t\t}\n\t\t\t\/* see gallery_shortcode() in wp-includes\/media.php *\/\n\t\t<\/style>\n\t\t<div id='gallery-1' class='gallery galleryid-11179 gallery-columns-3 gallery-size-large'><dl class='gallery-item'>\n\t\t\t<dt class='gallery-icon landscape'>\n\t\t\t\t<a data-elementor-open-lightbox=\"yes\" data-elementor-lightbox-slideshow=\"889e327\" data-elementor-lightbox-title=\"3_sabanas\" e-action-hash=\"#elementor-action%3Aaction%3Dlightbox%26settings%3DeyJpZCI6NzkwMCwidXJsIjoiaHR0cHM6XC9cL3JlZGNvbG9tYmlhdmVyZGUub3JnXC93ZWIxXC93cC1jb250ZW50XC91cGxvYWRzXC8yMDIwXC8xMlwvM19zYWJhbmFzLmpwZyIsInNsaWRlc2hvdyI6Ijg4OWUzMjcifQ%3D%3D\" href='https:\/\/redcolombiaverde.org\/web1\/wp-content\/uploads\/2020\/12\/3_sabanas.jpg'><img loading=\"lazy\" decoding=\"async\" width=\"900\" height=\"900\" src=\"https:\/\/redcolombiaverde.org\/web1\/wp-content\/uploads\/2020\/12\/3_sabanas.jpg\" class=\"attachment-large size-large\" alt=\"\" srcset=\"https:\/\/redcolombiaverde.org\/web1\/wp-content\/uploads\/2020\/12\/3_sabanas.jpg 1000w, https:\/\/redcolombiaverde.org\/web1\/wp-content\/uploads\/2020\/12\/3_sabanas-600x600.jpg 600w, https:\/\/redcolombiaverde.org\/web1\/wp-content\/uploads\/2020\/12\/3_sabanas-180x180.jpg 180w, https:\/\/redcolombiaverde.org\/web1\/wp-content\/uploads\/2020\/12\/3_sabanas-768x768.jpg 768w, https:\/\/redcolombiaverde.org\/web1\/wp-content\/uploads\/2020\/12\/3_sabanas-24x24.jpg 24w, https:\/\/redcolombiaverde.org\/web1\/wp-content\/uploads\/2020\/12\/3_sabanas-48x48.jpg 48w, https:\/\/redcolombiaverde.org\/web1\/wp-content\/uploads\/2020\/12\/3_sabanas-96x96.jpg 96w, https:\/\/redcolombiaverde.org\/web1\/wp-content\/uploads\/2020\/12\/3_sabanas-150x150.jpg 150w, https:\/\/redcolombiaverde.org\/web1\/wp-content\/uploads\/2020\/12\/3_sabanas-300x300.jpg 300w\" sizes=\"(max-width: 900px) 100vw, 900px\" \/><\/a>\n\t\t\t<\/dt><\/dl><dl class='gallery-item'>\n\t\t\t<dt class='gallery-icon landscape'>\n\t\t\t\t<a data-elementor-open-lightbox=\"yes\" data-elementor-lightbox-slideshow=\"889e327\" data-elementor-lightbox-title=\"2_sabanas\" e-action-hash=\"#elementor-action%3Aaction%3Dlightbox%26settings%3DeyJpZCI6Nzg5OSwidXJsIjoiaHR0cHM6XC9cL3JlZGNvbG9tYmlhdmVyZGUub3JnXC93ZWIxXC93cC1jb250ZW50XC91cGxvYWRzXC8yMDIwXC8xMlwvMl9zYWJhbmFzLmpwZyIsInNsaWRlc2hvdyI6Ijg4OWUzMjcifQ%3D%3D\" href='https:\/\/redcolombiaverde.org\/web1\/wp-content\/uploads\/2020\/12\/2_sabanas.jpg'><img loading=\"lazy\" decoding=\"async\" width=\"900\" height=\"900\" src=\"https:\/\/redcolombiaverde.org\/web1\/wp-content\/uploads\/2020\/12\/2_sabanas.jpg\" class=\"attachment-large size-large\" alt=\"\" srcset=\"https:\/\/redcolombiaverde.org\/web1\/wp-content\/uploads\/2020\/12\/2_sabanas.jpg 1000w, https:\/\/redcolombiaverde.org\/web1\/wp-content\/uploads\/2020\/12\/2_sabanas-600x600.jpg 600w, https:\/\/redcolombiaverde.org\/web1\/wp-content\/uploads\/2020\/12\/2_sabanas-180x180.jpg 180w, https:\/\/redcolombiaverde.org\/web1\/wp-content\/uploads\/2020\/12\/2_sabanas-768x768.jpg 768w, https:\/\/redcolombiaverde.org\/web1\/wp-content\/uploads\/2020\/12\/2_sabanas-24x24.jpg 24w, https:\/\/redcolombiaverde.org\/web1\/wp-content\/uploads\/2020\/12\/2_sabanas-48x48.jpg 48w, https:\/\/redcolombiaverde.org\/web1\/wp-content\/uploads\/2020\/12\/2_sabanas-96x96.jpg 96w, https:\/\/redcolombiaverde.org\/web1\/wp-content\/uploads\/2020\/12\/2_sabanas-150x150.jpg 150w, https:\/\/redcolombiaverde.org\/web1\/wp-content\/uploads\/2020\/12\/2_sabanas-300x300.jpg 300w\" sizes=\"(max-width: 900px) 100vw, 900px\" \/><\/a>\n\t\t\t<\/dt><\/dl><dl class='gallery-item'>\n\t\t\t<dt class='gallery-icon landscape'>\n\t\t\t\t<a data-elementor-open-lightbox=\"yes\" data-elementor-lightbox-slideshow=\"889e327\" data-elementor-lightbox-title=\"1_sabanas\" e-action-hash=\"#elementor-action%3Aaction%3Dlightbox%26settings%3DeyJpZCI6Nzg5OCwidXJsIjoiaHR0cHM6XC9cL3JlZGNvbG9tYmlhdmVyZGUub3JnXC93ZWIxXC93cC1jb250ZW50XC91cGxvYWRzXC8yMDIwXC8xMlwvMV9zYWJhbmFzLmpwZyIsInNsaWRlc2hvdyI6Ijg4OWUzMjcifQ%3D%3D\" href='https:\/\/redcolombiaverde.org\/web1\/wp-content\/uploads\/2020\/12\/1_sabanas.jpg'><img loading=\"lazy\" decoding=\"async\" width=\"900\" height=\"900\" src=\"https:\/\/redcolombiaverde.org\/web1\/wp-content\/uploads\/2020\/12\/1_sabanas.jpg\" class=\"attachment-large size-large\" alt=\"\" srcset=\"https:\/\/redcolombiaverde.org\/web1\/wp-content\/uploads\/2020\/12\/1_sabanas.jpg 1000w, https:\/\/redcolombiaverde.org\/web1\/wp-content\/uploads\/2020\/12\/1_sabanas-600x600.jpg 600w, https:\/\/redcolombiaverde.org\/web1\/wp-content\/uploads\/2020\/12\/1_sabanas-180x180.jpg 180w, https:\/\/redcolombiaverde.org\/web1\/wp-content\/uploads\/2020\/12\/1_sabanas-768x768.jpg 768w, https:\/\/redcolombiaverde.org\/web1\/wp-content\/uploads\/2020\/12\/1_sabanas-24x24.jpg 24w, https:\/\/redcolombiaverde.org\/web1\/wp-content\/uploads\/2020\/12\/1_sabanas-48x48.jpg 48w, https:\/\/redcolombiaverde.org\/web1\/wp-content\/uploads\/2020\/12\/1_sabanas-96x96.jpg 96w, https:\/\/redcolombiaverde.org\/web1\/wp-content\/uploads\/2020\/12\/1_sabanas-150x150.jpg 150w, https:\/\/redcolombiaverde.org\/web1\/wp-content\/uploads\/2020\/12\/1_sabanas-300x300.jpg 300w\" sizes=\"(max-width: 900px) 100vw, 900px\" \/><\/a>\n\t\t\t<\/dt><\/dl><br style=\"clear: both\" \/>\n\t\t<\/div>\n\t\t<\/div>\n\t\t\t\t<\/div>\n\t\t\t\t<\/div>\n\t\t\t\t\t<\/div>\n\t\t<\/div>\n\t\t\t\t\t\t\t<\/div>\n\t\t<\/section>\n\t\t\t\t\t\t\t<\/div>\n\t\t","protected":false},"excerpt":{"rendered":"<p>FUNDACI\u00d3N SABANAS\u00a0es una entidad colombiana creada por escritura p\u00fablica No. 959 del 9 de Mayo de 1997, otorgada por la Notaria Segunda de Sincelejo \u2013 Sucre, inscrita en la C\u00e1mara [&hellip;]<\/p>\n","protected":false},"author":1,"featured_media":0,"parent":0,"menu_order":0,"comment_status":"closed","ping_status":"closed","template":"","meta":{"footnotes":""},"_links":{"self":[{"href":"https:\/\/redcolombiaverde.org\/web1\/wp-json\/wp\/v2\/pages\/11179"}],"collection":[{"href":"https:\/\/redcolombiaverde.org\/web1\/wp-json\/wp\/v2\/pages"}],"about":[{"href":"https:\/\/redcolombiaverde.org\/web1\/wp-json\/wp\/v2\/types\/page"}],"author":[{"embeddable":true,"href":"https:\/\/redcolombiaverde.org\/web1\/wp-json\/wp\/v2\/users\/1"}],"replies":[{"embeddable":true,"href":"https:\/\/redcolombiaverde.org\/web1\/wp-json\/wp\/v2\/comments?post=11179"}],"version-history":[{"count":4,"href":"https:\/\/redcolombiaverde.org\/web1\/wp-json\/wp\/v2\/pages\/11179\/revisions"}],"predecessor-version":[{"id":11184,"href":"https:\/\/redcolombiaverde.org\/web1\/wp-json\/wp\/v2\/pages\/11179\/revisions\/11184"}],"wp:attachment":[{"href":"https:\/\/redcolombiaverde.org\/web1\/wp-json\/wp\/v2\/media?parent=11179"}],"curies":[{"name":"wp","href":"https:\/\/api.w.org\/{rel}","templated":true}]}}