{"id":612,"date":"2016-03-07T03:11:04","date_gmt":"2016-03-07T03:11:04","guid":{"rendered":"https:\/\/www.gavias-theme.com\/wp\/indutri\/?page_id=612"},"modified":"2022-12-14T22:55:19","modified_gmt":"2022-12-14T22:55:19","slug":"sobrenosotros","status":"publish","type":"page","link":"https:\/\/redcolombiaverde.org\/web1\/sobrenosotros\/","title":{"rendered":"Sobre nosotros"},"content":{"rendered":"\t\t<div data-elementor-type=\"wp-post\" data-elementor-id=\"612\" class=\"elementor elementor-612\">\n\t\t\t\t\t\t\t\t\t<section class=\"elementor-section elementor-top-section elementor-element elementor-element-1279549a elementor-section-boxed elementor-section-height-default elementor-section-height-default\" data-id=\"1279549a\" data-element_type=\"section\">\n\t\t\t\t\t\t<div class=\"elementor-container elementor-column-gap-default\">\n\t\t\t\t\t<div class=\"elementor-column elementor-col-50 elementor-top-column elementor-element elementor-element-2d41672 top column-style-top\" data-id=\"2d41672\" data-element_type=\"column\">\n\t\t\t<div class=\"elementor-widget-wrap elementor-element-populated\">\n\t\t\t\t\t\t\t\t<div class=\"elementor-element elementor-element-90ee90b elementor-widget elementor-widget-gva-heading-block\" data-id=\"90ee90b\" data-element_type=\"widget\" data-widget_type=\"gva-heading-block.default\">\n\t\t\t\t<div class=\"elementor-widget-container\">\n\t\t\t<div class=\"gva-element-gva-heading-block gva-element\">   <div class=\"align-left style-1 widget gsc-heading box-align-left\">\r\n      <div class=\"content-inner\">\r\n         \r\n                  \r\n           \r\n         \r\n                     <h2 class=\"title\">\r\n               <span>Red Colombia Verde<\/span>\r\n            <\/h2>\r\n                  \r\n         \r\n      <\/div>\r\n   <\/div>\r\n   <div class=\"clearfix\"><\/div>\r\n<\/div>\t\t<\/div>\n\t\t\t\t<\/div>\n\t\t\t\t<section class=\"elementor-section elementor-inner-section elementor-element elementor-element-3054b3dc elementor-section-boxed elementor-section-height-default elementor-section-height-default\" data-id=\"3054b3dc\" data-element_type=\"section\">\n\t\t\t\t\t\t<div class=\"elementor-container elementor-column-gap-default\">\n\t\t\t\t\t<div class=\"elementor-column elementor-col-100 elementor-inner-column elementor-element elementor-element-61306f8a top column-style-top\" data-id=\"61306f8a\" data-element_type=\"column\">\n\t\t\t<div class=\"elementor-widget-wrap elementor-element-populated\">\n\t\t\t\t\t\t\t\t<div class=\"elementor-element elementor-element-8ee4674 elementor-widget elementor-widget-text-editor\" data-id=\"8ee4674\" data-element_type=\"widget\" data-widget_type=\"text-editor.default\">\n\t\t\t\t<div class=\"elementor-widget-container\">\n\t\t\t<style>\/*! elementor - v3.8.0 - 30-10-2022 *\/\n.elementor-widget-text-editor.elementor-drop-cap-view-stacked .elementor-drop-cap{background-color:#818a91;color:#fff}.elementor-widget-text-editor.elementor-drop-cap-view-framed .elementor-drop-cap{color:#818a91;border:3px solid;background-color:transparent}.elementor-widget-text-editor:not(.elementor-drop-cap-view-default) .elementor-drop-cap{margin-top:8px}.elementor-widget-text-editor:not(.elementor-drop-cap-view-default) .elementor-drop-cap-letter{width:1em;height:1em}.elementor-widget-text-editor .elementor-drop-cap{float:left;text-align:center;line-height:1;font-size:50px}.elementor-widget-text-editor .elementor-drop-cap-letter{display:inline-block}<\/style>\t\t\t\t<ol><li><strong><em>CREACI\u00d3N<\/em>:<\/strong>\u00a0Se constituye el 8 de Noviembre de 2007, por el deseo de organizaciones sociales productoras de buscar alternativas comerciales en el marco de la producci\u00f3n ambientalmente sostenible.<\/li><li><em><strong>MISI\u00d3N DE LA ORGANIZACI\u00d3N:\u00a0<\/strong><\/em>Propiciar el uso de la biodiversidad para la producci\u00f3n de bienes y servicios sostenibles por parte de empresas comunitarias de peque\u00f1os productores rurales.<\/li><li><em><strong>VISI\u00d3N DE LA ORGANIZACI\u00d3N:<\/strong><\/em><strong>\u00a0<\/strong>En el a\u00f1o 2019, la Red Colombia Verde estar\u00e1 liderando junto con sus organizaciones,\u00a0 Empresas Comunitarias de productos y servicios dirigidos a los Mercados Verdes.<\/li><li>\u00a0<\/li><\/ol>\t\t\t\t\t\t<\/div>\n\t\t\t\t<\/div>\n\t\t\t\t\t<\/div>\n\t\t<\/div>\n\t\t\t\t\t\t\t<\/div>\n\t\t<\/section>\n\t\t\t\t\t<\/div>\n\t\t<\/div>\n\t\t\t\t<div class=\"elementor-column elementor-col-50 elementor-top-column elementor-element elementor-element-47c5cee9 column-main-menu top column-style-top\" data-id=\"47c5cee9\" data-element_type=\"column\">\n\t\t\t<div class=\"elementor-widget-wrap elementor-element-populated\">\n\t\t\t\t\t\t\t\t<div class=\"elementor-element elementor-element-981828b elementor-widget elementor-widget-image\" data-id=\"981828b\" data-element_type=\"widget\" data-widget_type=\"image.default\">\n\t\t\t\t<div class=\"elementor-widget-container\">\n\t\t\t<style>\/*! elementor - v3.8.0 - 30-10-2022 *\/\n.elementor-widget-image{text-align:center}.elementor-widget-image a{display:inline-block}.elementor-widget-image a img[src$=\".svg\"]{width:48px}.elementor-widget-image img{vertical-align:middle;display:inline-block}<\/style>\t\t\t\t\t\t\t\t\t\t\t\t<img loading=\"lazy\" decoding=\"async\" width=\"560\" height=\"690\" src=\"https:\/\/redcolombiaverde.org\/web1\/wp-content\/uploads\/2022\/11\/Red-colombia.jpg\" class=\"attachment-large size-large\" alt=\"\" \/>\t\t\t\t\t\t\t\t\t\t\t\t\t\t\t<\/div>\n\t\t\t\t<\/div>\n\t\t\t\t\t<\/div>\n\t\t<\/div>\n\t\t\t\t\t\t\t<\/div>\n\t\t<\/section>\n\t\t\t\t<section class=\"elementor-section elementor-top-section elementor-element elementor-element-b58e04b elementor-section-boxed elementor-section-height-default elementor-section-height-default arrow_1_x_top arrow_1_y_left arrow_2_x_bottom arrow_2_y_right\" data-id=\"b58e04b\" data-element_type=\"section\" data-settings=\"{&quot;background_background&quot;:&quot;classic&quot;}\">\n\t\t\t\t\t\t<div class=\"elementor-container elementor-column-gap-default\">\n\t\t\t\t\t<div class=\"elementor-column elementor-col-100 elementor-top-column elementor-element elementor-element-99a0e3a top column-style-top\" data-id=\"99a0e3a\" data-element_type=\"column\">\n\t\t\t<div class=\"elementor-widget-wrap elementor-element-populated\">\n\t\t\t\t\t\t\t\t<div class=\"elementor-element elementor-element-a314451 elementor-widget elementor-widget-gva-heading-block\" data-id=\"a314451\" data-element_type=\"widget\" data-widget_type=\"gva-heading-block.default\">\n\t\t\t\t<div class=\"elementor-widget-container\">\n\t\t\t<div class=\"gva-element-gva-heading-block gva-element\">   <div class=\"align-center style-1 widget gsc-heading box-align-left\">\r\n      <div class=\"content-inner\">\r\n         \r\n                              <div class=\"heading-video\">\r\n            <a class=\"video-link popup-video\" href=\"https:\/\/youtu.be\/NIiWj2mDxlM\"><i class=\"fa fa-play\"><\/i><\/a>\r\n            <\/div>\r\n         \r\n           \r\n         \r\n                     <h2 class=\"title\">\r\n               <span>Jornada de siembra de \u00e1rboles, con la donaci\u00f3n de Standard & Poor\u00b4s<\/span>\r\n            <\/h2>\r\n                  \r\n         \r\n      <\/div>\r\n   <\/div>\r\n   <div class=\"clearfix\"><\/div>\r\n<\/div>\t\t<\/div>\n\t\t\t\t<\/div>\n\t\t\t\t\t<\/div>\n\t\t<\/div>\n\t\t\t\t\t\t\t<\/div>\n\t\t<\/section>\n\t\t\t\t<section class=\"elementor-section elementor-top-section elementor-element elementor-element-fab6a38 elementor-section-boxed elementor-section-height-default elementor-section-height-default\" data-id=\"fab6a38\" data-element_type=\"section\">\n\t\t\t\t\t\t<div class=\"elementor-container elementor-column-gap-default\">\n\t\t\t\t\t<div class=\"elementor-column elementor-col-100 elementor-top-column elementor-element elementor-element-51416e1 top column-style-top\" data-id=\"51416e1\" data-element_type=\"column\">\n\t\t\t<div class=\"elementor-widget-wrap elementor-element-populated\">\n\t\t\t\t\t\t\t\t<div class=\"elementor-element elementor-element-4b52c06 elementor-widget elementor-widget-spacer\" data-id=\"4b52c06\" data-element_type=\"widget\" data-widget_type=\"spacer.default\">\n\t\t\t\t<div class=\"elementor-widget-container\">\n\t\t\t<style>\/*! elementor - v3.8.0 - 30-10-2022 *\/\n.elementor-column .elementor-spacer-inner{height:var(--spacer-size)}.e-con{--container-widget-width:100%}.e-con-inner>.elementor-widget-spacer,.e-con>.elementor-widget-spacer{width:var(--container-widget-width,var(--spacer-size));-ms-flex-item-align:stretch;align-self:stretch;-ms-flex-negative:0;flex-shrink:0}.e-con-inner>.elementor-widget-spacer>.elementor-widget-container,.e-con-inner>.elementor-widget-spacer>.elementor-widget-container>.elementor-spacer,.e-con>.elementor-widget-spacer>.elementor-widget-container,.e-con>.elementor-widget-spacer>.elementor-widget-container>.elementor-spacer{height:100%}.e-con-inner>.elementor-widget-spacer>.elementor-widget-container>.elementor-spacer>.elementor-spacer-inner,.e-con>.elementor-widget-spacer>.elementor-widget-container>.elementor-spacer>.elementor-spacer-inner{height:var(--container-widget-height,var(--spacer-size))}<\/style>\t\t<div class=\"elementor-spacer\">\n\t\t\t<div class=\"elementor-spacer-inner\"><\/div>\n\t\t<\/div>\n\t\t\t\t<\/div>\n\t\t\t\t<\/div>\n\t\t\t\t\t<\/div>\n\t\t<\/div>\n\t\t\t\t\t\t\t<\/div>\n\t\t<\/section>\n\t\t\t\t<section class=\"elementor-section elementor-top-section elementor-element elementor-element-1a4cca9 elementor-section-boxed elementor-section-height-default elementor-section-height-default\" data-id=\"1a4cca9\" data-element_type=\"section\">\n\t\t\t\t\t\t<div class=\"elementor-container elementor-column-gap-default\">\n\t\t\t\t\t<div class=\"elementor-column elementor-col-100 elementor-top-column elementor-element elementor-element-21b7ccb top column-style-top\" data-id=\"21b7ccb\" data-element_type=\"column\">\n\t\t\t<div class=\"elementor-widget-wrap elementor-element-populated\">\n\t\t\t\t\t\t\t\t<div class=\"elementor-element elementor-element-2cdfa9b elementor-widget elementor-widget-text-editor\" data-id=\"2cdfa9b\" data-element_type=\"widget\" data-widget_type=\"text-editor.default\">\n\t\t\t\t<div class=\"elementor-widget-container\">\n\t\t\t\t\t\t\t<h3 class=\"thim-text-title\"><strong>LA RED COLOMBIA VERDE HA PARTICIPADO EN LOS SIGUIENTES ESPACIOS DE INCIDENCIA A FAVOR DEL BIOCOMERCIO Y MERCADOS VERDES.<\/strong><\/h3><ul><li><strong>Cadena Nacional de Plantas Arom\u00e1ticas, Medicinales y Condimentar\u00edas.<\/strong>\u00a0Se logr\u00f3 la inclusi\u00f3n de la RCV en este Consejo.<\/li><li><strong>Cadena Nacional de Producci\u00f3n Agropecuaria Ecol\u00f3gica:\u00a0<\/strong>La RCV hace parte del Consejo Directivo de esta cadena en representaci\u00f3n de ONG\u00b4s, redes e instituciones de apoyo.<\/li><li><strong>Comit\u00e9 T\u00e9cnico Nacional de Competitividad y Biodiversidad.<\/strong>\u00a0Este Comit\u00e9 es la instancia nacional que instrumentaliza la estrategia de Competitividad definida por el gobierno central a partir de los Sectores de Talla Mundial identificados por el Sistema Nacional de Competitividad. La Biodiversidad es uno de estos Sectores y en el 2009 se conform\u00f3 el Comit\u00e9 T\u00e9cnico Nacional de Competitividad y Biodiversidad en donde la RCV logr\u00f3 su vinculaci\u00f3n en representaci\u00f3n de los productores comunitarios de Biocomercio y Mercados Verdes.<\/li><li><strong>Comit\u00e9 Regional de Competitividad y Biodiversidad del Caquet\u00e1:<\/strong>\u00a0En el ejercicio de descentralizar el Comit\u00e9 T\u00e9cnico Nacional, se ha definido la creaci\u00f3n de cap\u00edtulos regionales que operativicen de manera espec\u00edfica y a la medida de las necesidades y ofertas regionales los planes de trabajo para el sector de Biodiversidad en los departamentos. Para el caso de Caquet\u00e1 las organizaciones CHOCAGU\u00c1N y ASOHECA hn participado en el liderazgo y conformaci\u00f3n de este Comit\u00e9 que hoy cuenta con el reconocimiento en el Sistema Nacional de Competitividad.<\/li><li><strong>Iniciativa Colombiana de Peque\u00f1os Productores de Comercio Justo Solidario y Sostenible:\u00a0<\/strong>La RCV es parte de esta instancia gremial de segundo grado, de representaci\u00f3n, coordinaci\u00f3n, intercambio y colaboraci\u00f3n para el fortalecimiento de las organizaciones de tipo asociativo y cooperativo de peque\u00f1os productores de Colombia en el marco del Comercio Justo solidario y sostenible, que busca tener incidencia en el comercio, producci\u00f3n limpia, pol\u00edticas y reglas internacionales del Comercio Justo.<\/li><li><strong>Programa Nacional de Biocomercio Sostenible:<\/strong>\u00a0El MADS reconoce el liderazgo de RCV e invita a su vinculaci\u00f3n al programa de manera espec\u00edfica en la L\u00ednea Estrat\u00e9gica de Asociatividad y regionalizaci\u00f3n.<\/li><li><strong>Programa Negocios Inclusivos para la superaci\u00f3n de la pobreza y el desarrollo rural:\u00a0<\/strong>Liderado desde la Agencia Nacional para la Superaci\u00f3n de la Pobreza Extrema ANSPE y el Grupo de Inversi\u00f3n Social Privada, la RCV participa directamente en el dise\u00f1o y gesti\u00f3n de este programa de car\u00e1cter nacional.<\/li><li><strong>Mesas de trabajo para la construcci\u00f3n de la Pol\u00edtica Nacional de Producci\u00f3n y Consumo Sostenible:\u00a0<\/strong>El Ministerio de Ambiente adelant\u00f3 la evaluaci\u00f3n de la Pol\u00edtica de Producci\u00f3n m\u00e1s Limpia y la Estrategia de Mercados Verdes para direccionar la nueva Pol\u00edtica Nacional relacionada\u00a0 con la Producci\u00f3n\u00a0 y Consumo Sostenible: esta orientaci\u00f3n responde al compromiso del pa\u00eds con\u00a0 el PNUMA. La RCV particip\u00f3 de las mesas de trabajo en las que se socializ\u00f3 la estrategia y se realizaron los aportes sectoriales.<\/li><li><strong>Consejo Regional de Mercados Verdes de Bogot\u00e1-Cundinamarca<\/strong>: Miembros de la Junta Directiva de la RCV y la Direcci\u00f3n Ejecutiva han participado desde el 2008 en el Consejo Regional de Mercados Verdes de Bogot\u00e1-Cundinamarca que lidera la Corporaci\u00f3n Aut\u00f3noma Regional \u2013 CAR en representaci\u00f3n del gremio de los mercados verdes, como entidad nacional y espec\u00edficamente como Nodo Andino Cundinamarca.<\/li><\/ul>\t\t\t\t\t\t<\/div>\n\t\t\t\t<\/div>\n\t\t\t\t\t<\/div>\n\t\t<\/div>\n\t\t\t\t\t\t\t<\/div>\n\t\t<\/section>\n\t\t\t\t<section class=\"elementor-section elementor-top-section elementor-element elementor-element-295b5c6 elementor-section-boxed elementor-section-height-default elementor-section-height-default\" data-id=\"295b5c6\" data-element_type=\"section\">\n\t\t\t\t\t\t<div class=\"elementor-container elementor-column-gap-default\">\n\t\t\t\t\t<div class=\"elementor-column elementor-col-100 elementor-top-column elementor-element elementor-element-1edebc9 top column-style-top\" data-id=\"1edebc9\" data-element_type=\"column\">\n\t\t\t<div class=\"elementor-widget-wrap elementor-element-populated\">\n\t\t\t\t\t\t\t\t<div class=\"elementor-element elementor-element-09a314c elementor-widget elementor-widget-image\" data-id=\"09a314c\" data-element_type=\"widget\" data-widget_type=\"image.default\">\n\t\t\t\t<div class=\"elementor-widget-container\">\n\t\t\t\t\t\t\t\t\t\t\t\t\t\t\t<img loading=\"lazy\" decoding=\"async\" width=\"1366\" height=\"912\" src=\"https:\/\/redcolombiaverde.org\/web1\/wp-content\/uploads\/2022\/12\/Redcolombiaverde-org-about-us-2022-12-14-17_47_52.jpg\" class=\"attachment-full size-full\" alt=\"\" srcset=\"https:\/\/redcolombiaverde.org\/web1\/wp-content\/uploads\/2022\/12\/Redcolombiaverde-org-about-us-2022-12-14-17_47_52.jpg 1366w, https:\/\/redcolombiaverde.org\/web1\/wp-content\/uploads\/2022\/12\/Redcolombiaverde-org-about-us-2022-12-14-17_47_52-1024x684.jpg 1024w, https:\/\/redcolombiaverde.org\/web1\/wp-content\/uploads\/2022\/12\/Redcolombiaverde-org-about-us-2022-12-14-17_47_52-768x513.jpg 768w\" sizes=\"(max-width: 1366px) 100vw, 1366px\" \/>\t\t\t\t\t\t\t\t\t\t\t\t\t\t\t<\/div>\n\t\t\t\t<\/div>\n\t\t\t\t\t<\/div>\n\t\t<\/div>\n\t\t\t\t\t\t\t<\/div>\n\t\t<\/section>\n\t\t\t\t\t\t\t<\/div>\n\t\t","protected":false},"excerpt":{"rendered":"<p>Red Colombia Verde CREACI\u00d3N:\u00a0Se constituye el 8 de Noviembre de 2007, por el deseo de organizaciones sociales productoras de buscar alternativas comerciales en el marco de la producci\u00f3n ambientalmente sostenible. [&hellip;]<\/p>\n","protected":false},"author":1,"featured_media":0,"parent":0,"menu_order":0,"comment_status":"closed","ping_status":"closed","template":"","meta":{"footnotes":""},"_links":{"self":[{"href":"https:\/\/redcolombiaverde.org\/web1\/wp-json\/wp\/v2\/pages\/612"}],"collection":[{"href":"https:\/\/redcolombiaverde.org\/web1\/wp-json\/wp\/v2\/pages"}],"about":[{"href":"https:\/\/redcolombiaverde.org\/web1\/wp-json\/wp\/v2\/types\/page"}],"author":[{"embeddable":true,"href":"https:\/\/redcolombiaverde.org\/web1\/wp-json\/wp\/v2\/users\/1"}],"replies":[{"embeddable":true,"href":"https:\/\/redcolombiaverde.org\/web1\/wp-json\/wp\/v2\/comments?post=612"}],"version-history":[{"count":22,"href":"https:\/\/redcolombiaverde.org\/web1\/wp-json\/wp\/v2\/pages\/612\/revisions"}],"predecessor-version":[{"id":11303,"href":"https:\/\/redcolombiaverde.org\/web1\/wp-json\/wp\/v2\/pages\/612\/revisions\/11303"}],"wp:attachment":[{"href":"https:\/\/redcolombiaverde.org\/web1\/wp-json\/wp\/v2\/media?parent=612"}],"curies":[{"name":"wp","href":"https:\/\/api.w.org\/{rel}","templated":true}]}}